{"id":26,"date":"2017-03-11T04:11:33","date_gmt":"2017-03-11T04:11:33","guid":{"rendered":"https:\/\/www.sprachdynamik.at\/?page_id=26"},"modified":"2025-12-10T14:12:34","modified_gmt":"2025-12-10T14:12:34","slug":"impressum","status":"publish","type":"page","link":"https:\/\/www.sprachdynamik.at\/en\/impressum\/","title":{"rendered":"Imprint"},"content":{"rendered":"<div data-elementor-type=\"wp-page\" data-elementor-id=\"26\" class=\"elementor elementor-26\" data-elementor-post-type=\"page\">\n\t\t\t\t<div class=\"elementor-element elementor-element-03cc331 e-flex e-con-boxed e-con e-parent\" data-id=\"03cc331\" data-element_type=\"container\" data-settings=\"{&quot;background_background&quot;:&quot;classic&quot;,&quot;background_motion_fx_motion_fx_scrolling&quot;:&quot;yes&quot;,&quot;background_motion_fx_translateY_effect&quot;:&quot;yes&quot;,&quot;background_motion_fx_translateY_direction&quot;:&quot;negative&quot;,&quot;background_motion_fx_translateY_speed&quot;:{&quot;unit&quot;:&quot;px&quot;,&quot;size&quot;:7,&quot;sizes&quot;:[]},&quot;background_motion_fx_translateY_affectedRange&quot;:{&quot;unit&quot;:&quot;%&quot;,&quot;size&quot;:&quot;&quot;,&quot;sizes&quot;:{&quot;start&quot;:0,&quot;end&quot;:100}},&quot;background_motion_fx_devices&quot;:[&quot;desktop&quot;,&quot;tablet&quot;,&quot;mobile&quot;]}\">\n\t\t\t\t\t<div class=\"e-con-inner\">\n\t\t<div class=\"elementor-element elementor-element-b3e95ce e-con-full e-flex e-con e-child\" data-id=\"b3e95ce\" data-element_type=\"container\">\n\t\t\t\t<div class=\"elementor-element elementor-element-2922827 elementor-widget elementor-widget-heading\" data-id=\"2922827\" data-element_type=\"widget\" data-widget_type=\"heading.default\">\n\t\t\t\t\t<h1 class=\"elementor-heading-title elementor-size-default\">Imprint \u2013 Sprachdynamik<\/h1>\t\t\t\t<\/div>\n\t\t\t\t<div class=\"elementor-element elementor-element-e3d2f0f elementor-widget elementor-widget-text-editor\" data-id=\"e3d2f0f\" data-element_type=\"widget\" data-widget_type=\"text-editor.default\">\n\t\t\t\t\t\t\t\t\t<p>Dynamic translations for dynamic businesses<\/p>\t\t\t\t\t\t\t\t<\/div>\n\t\t\t\t<\/div>\n\t\t\t\t\t<\/div>\n\t\t\t\t<\/div>\n\t\t<div class=\"elementor-element elementor-element-31d6f227 e-flex e-con-boxed e-con e-parent\" data-id=\"31d6f227\" data-element_type=\"container\">\n\t\t\t\t\t<div class=\"e-con-inner\">\n\t\t\t\t<div class=\"elementor-element elementor-element-57ff793 elementor-widget elementor-widget-text-editor\" data-id=\"57ff793\" data-element_type=\"widget\" data-widget_type=\"text-editor.default\">\n\t\t\t\t\t\t\t\t\t<h1>Imprint<\/h1><div class=\"entry clearfix\"><h3>Legal information in accordance with Sec. 5 of the E-Commerce Act (\u00a7 5 ECG)<\/h3><p>Sprachdynamik<br \/>Mag. Thomas Graf, BEd<br \/>S\u00e4geweg 5<br \/>6263 F\u00fcgen, Austria<\/p><h3>\u00a0<\/h3><h3>Business purpose:<\/h3><p class=\"translation-block\">Language Services<br>\n(Translating, Interpreting, Sign Language Interpreting, Dubbing, Organisation of Language Trainings)<\/p><h3><strong>\u00a0<\/strong><\/h3><h3><strong>Contact details:<\/strong><\/h3><table><tbody><tr><td>Mobile:<\/td><td><span class=\"top-phone\">+43 676 953 72 11<\/span><\/td><\/tr><tr><td>E-mail:<\/td><td><a href=\"mailto:thomas@sprachdynamik.at\">thomas@sprachdynamik.at<\/a><\/td><\/tr><\/tbody><\/table><\/div><h3>\u00a0<\/h3><h3>Registry entry:<\/h3><div class=\"entry clearfix\"><p class=\"translation-block\">GLN: 9110001649205<br>Member of the Tyrolean Chamber of Commerce<br>Trade Group of Commercial Service Providers \u2013 Language Services<\/p><h3>\u00a0<\/h3><h3>VAT-ID<\/h3><\/div><div class=\"entry clearfix\"><p>VAD ID in accordance with Sec. 27 of VAT Act: ATU67063125<br \/>Place of juristiction: District Court of Schwaz<\/p><\/div><div class=\"entry clearfix\"><h3>Supervisory Authority in accordance with E-Commerce Act:<\/h3><p>District Authority of Schwaz<\/p><\/div><div class=\"entry clearfix\"><h3>Images:<\/h3><p>Image by <a href=\"https:\/\/pixabay.com\/users\/intelligentfan-16184974\/?utm_source=link-attribution&amp;utm_medium=referral&amp;utm_campaign=image&amp;utm_content=6516410\">Avery Fan<\/a> von <a href=\"https:\/\/pixabay.com\/\/?utm_source=link-attribution&amp;utm_medium=referral&amp;utm_campaign=image&amp;utm_content=6516410\">Pixabay<\/a><\/p><h3>Source references for the used images and graphics:<\/h3><p class=\"translation-block\">Image by <a href=\"https:\/\/pixabay.com\/users\/akirevarga-8968314\/?utm_source=link-attribution&amp;utm_medium=referral&amp;utm_campaign=image&amp;utm_content=4382169\" target=\"_self\">Erika Varga<\/a> from <a href=\"https:\/\/pixabay.com\/\/?utm_source=link-attribution&amp;utm_medium=referral&amp;utm_campaign=image&amp;utm_content=4382169\" target=\"_self\">Pixabay<\/a><\/p><p>About Sprachdynamik \u2013 by Katja Zanella-Kux<\/p><p class=\"translation-block\">Image by <a href=\"https:\/\/pixabay.com\/users\/diannehope14-266432\/?utm_source=link-attribution&amp;utm_medium=referral&amp;utm_campaign=image&amp;utm_content=1106196\" target=\"_self\">Dianne Hope<\/a> from <a href=\"https:\/\/pixabay.com\/users\/diannehope14-266432\/?utm_source=link-attribution&amp;utm_medium=referral&amp;utm_campaign=image&amp;utm_content=1106196\" target=\"_self\">Dianne Hope<\/a><\/p><p class=\"translation-block\"><span style=\"font-size: 1rem\">Source: <\/span><em style=\"font-size: 1rem\"><a href=\"http:\/\/www.e-recht24.de\" rel=\"nofollow\" target=\"_self\">http:\/\/www.e-recht24.de<\/a><\/em><\/p><\/div>\t\t\t\t\t\t\t\t<\/div>\n\t\t\t\t\t<\/div>\n\t\t\t\t<\/div>\n\t\t\t\t<\/div>","protected":false},"excerpt":{"rendered":"<p>Impressum \u2013 Sprachdynamik Wir \u00fcbersetzen nicht nur, wir \u00fcberzeugen Impressum Angaben gem\u00e4\u00df \u00a7 5 ECG: SprachdynamikMag. Thomas GrafS\u00e4geweg 56263 F\u00fcgen \u00a0 Unternehmensgegenstand: Sprachdienstleistungen(\u00dcbersetzen, Dolmetschen, Geb\u00e4rdendolmetschen, Synchronisation, Organisation von Sprachtrainings) \u00a0 Kontakt: Telefon: +43 676 953 72 11 E-Mail: thomas@sprachdynamik.at \u00a0 Registereintrag: GLN: 9110001649205Mitglied der Wirtschaftskammer TirolFachgruppe Gewerbliche Dienstleister \u2013 Sprachdienstleistungen \u00a0 Umsatzsteuer-ID: UID-Nr. gem\u00e4\u00df \u00a727 [&hellip;]<\/p>","protected":false},"author":2,"featured_media":0,"parent":0,"menu_order":0,"comment_status":"closed","ping_status":"closed","template":"","meta":{"footnotes":""},"class_list":["post-26","page","type-page","status-publish","hentry"],"yoast_head":"<!-- This site is optimized with the Yoast SEO plugin v26.4 - https:\/\/yoast.com\/wordpress\/plugins\/seo\/ -->\n<title>Sprachdynamik | Impressum<\/title>\n<meta name=\"robots\" content=\"index, follow, max-snippet:-1, max-image-preview:large, max-video-preview:-1\" \/>\n<link rel=\"canonical\" href=\"https:\/\/www.sprachdynamik.at\/en\/impressum\/\" \/>\n<meta property=\"og:locale\" content=\"en_GB\" \/>\n<meta property=\"og:type\" content=\"article\" \/>\n<meta property=\"og:title\" content=\"Sprachdynamik | Impressum\" \/>\n<meta property=\"og:description\" content=\"Impressum \u2013 Sprachdynamik Wir \u00fcbersetzen nicht nur, wir \u00fcberzeugen Impressum Angaben gem\u00e4\u00df \u00a7 5 ECG: SprachdynamikMag. Thomas GrafS\u00e4geweg 56263 F\u00fcgen \u00a0 Unternehmensgegenstand: Sprachdienstleistungen(\u00dcbersetzen, Dolmetschen, Geb\u00e4rdendolmetschen, Synchronisation, Organisation von Sprachtrainings) \u00a0 Kontakt: Telefon: +43 676 953 72 11 E-Mail: thomas@sprachdynamik.at \u00a0 Registereintrag: GLN: 9110001649205Mitglied der Wirtschaftskammer TirolFachgruppe Gewerbliche Dienstleister \u2013 Sprachdienstleistungen \u00a0 Umsatzsteuer-ID: UID-Nr. gem\u00e4\u00df \u00a727 [&hellip;]\" \/>\n<meta property=\"og:url\" content=\"https:\/\/www.sprachdynamik.at\/en\/impressum\/\" \/>\n<meta property=\"og:site_name\" content=\"Sprachdynamik\" \/>\n<meta property=\"article:publisher\" content=\"https:\/\/www.facebook.com\/Sprachdynamik-1484394141570883\/\" \/>\n<meta property=\"article:modified_time\" content=\"2025-12-10T14:12:34+00:00\" \/>\n<meta name=\"twitter:card\" content=\"summary_large_image\" \/>\n<meta name=\"twitter:label1\" content=\"Estimated reading time\" \/>\n\t<meta name=\"twitter:data1\" content=\"1 minute\" \/>\n<script type=\"application\/ld+json\" class=\"yoast-schema-graph\">{\"@context\":\"https:\/\/schema.org\",\"@graph\":[{\"@type\":\"WebPage\",\"@id\":\"https:\/\/www.sprachdynamik.at\/impressum\/\",\"url\":\"https:\/\/www.sprachdynamik.at\/impressum\/\",\"name\":\"Sprachdynamik | Impressum\",\"isPartOf\":{\"@id\":\"https:\/\/www.sprachdynamik.at\/#website\"},\"datePublished\":\"2017-03-11T04:11:33+00:00\",\"dateModified\":\"2025-12-10T14:12:34+00:00\",\"breadcrumb\":{\"@id\":\"https:\/\/www.sprachdynamik.at\/impressum\/#breadcrumb\"},\"inLanguage\":\"en-GB\",\"potentialAction\":[{\"@type\":\"ReadAction\",\"target\":[\"https:\/\/www.sprachdynamik.at\/impressum\/\"]}]},{\"@type\":\"BreadcrumbList\",\"@id\":\"https:\/\/www.sprachdynamik.at\/impressum\/#breadcrumb\",\"itemListElement\":[{\"@type\":\"ListItem\",\"position\":1,\"name\":\"Startseite\",\"item\":\"https:\/\/www.sprachdynamik.at\/\"},{\"@type\":\"ListItem\",\"position\":2,\"name\":\"Impressum\"}]},{\"@type\":\"WebSite\",\"@id\":\"https:\/\/www.sprachdynamik.at\/#website\",\"url\":\"https:\/\/www.sprachdynamik.at\/\",\"name\":\"Sprachdynamik\",\"description\":\"Dynamic solutions for dynamic businesses\",\"publisher\":{\"@id\":\"https:\/\/www.sprachdynamik.at\/#organization\"},\"potentialAction\":[{\"@type\":\"SearchAction\",\"target\":{\"@type\":\"EntryPoint\",\"urlTemplate\":\"https:\/\/www.sprachdynamik.at\/?s={search_term_string}\"},\"query-input\":{\"@type\":\"PropertyValueSpecification\",\"valueRequired\":true,\"valueName\":\"search_term_string\"}}],\"inLanguage\":\"en-GB\"},{\"@type\":\"Organization\",\"@id\":\"https:\/\/www.sprachdynamik.at\/#organization\",\"name\":\"Sprachdynamik - Thomas Graf\",\"url\":\"https:\/\/www.sprachdynamik.at\/\",\"logo\":{\"@type\":\"ImageObject\",\"inLanguage\":\"en-GB\",\"@id\":\"https:\/\/www.sprachdynamik.at\/#\/schema\/logo\/image\/\",\"url\":\"https:\/\/www.sprachdynamik.at\/wp-content\/uploads\/2017\/04\/Logo4-4c-e1492345677794.png\",\"contentUrl\":\"https:\/\/www.sprachdynamik.at\/wp-content\/uploads\/2017\/04\/Logo4-4c-e1492345677794.png\",\"width\":150,\"height\":83,\"caption\":\"Sprachdynamik - Thomas Graf\"},\"image\":{\"@id\":\"https:\/\/www.sprachdynamik.at\/#\/schema\/logo\/image\/\"},\"sameAs\":[\"https:\/\/www.facebook.com\/Sprachdynamik-1484394141570883\/\",\"https:\/\/www.linkedin.com\/in\/thomas-graf-445b9b52\/\"]}]}<\/script>\n<!-- \/ Yoast SEO plugin. -->","yoast_head_json":{"title":"Sprachdynamik | Impressum","robots":{"index":"index","follow":"follow","max-snippet":"max-snippet:-1","max-image-preview":"max-image-preview:large","max-video-preview":"max-video-preview:-1"},"canonical":"https:\/\/www.sprachdynamik.at\/en\/impressum\/","og_locale":"en_GB","og_type":"article","og_title":"Sprachdynamik | Impressum","og_description":"Impressum \u2013 Sprachdynamik Wir \u00fcbersetzen nicht nur, wir \u00fcberzeugen Impressum Angaben gem\u00e4\u00df \u00a7 5 ECG: SprachdynamikMag. Thomas GrafS\u00e4geweg 56263 F\u00fcgen \u00a0 Unternehmensgegenstand: Sprachdienstleistungen(\u00dcbersetzen, Dolmetschen, Geb\u00e4rdendolmetschen, Synchronisation, Organisation von Sprachtrainings) \u00a0 Kontakt: Telefon: +43 676 953 72 11 E-Mail: thomas@sprachdynamik.at \u00a0 Registereintrag: GLN: 9110001649205Mitglied der Wirtschaftskammer TirolFachgruppe Gewerbliche Dienstleister \u2013 Sprachdienstleistungen \u00a0 Umsatzsteuer-ID: UID-Nr. gem\u00e4\u00df \u00a727 [&hellip;]","og_url":"https:\/\/www.sprachdynamik.at\/en\/impressum\/","og_site_name":"Sprachdynamik","article_publisher":"https:\/\/www.facebook.com\/Sprachdynamik-1484394141570883\/","article_modified_time":"2025-12-10T14:12:34+00:00","twitter_card":"summary_large_image","twitter_misc":{"Estimated reading time":"1 minute"},"schema":{"@context":"https:\/\/schema.org","@graph":[{"@type":"WebPage","@id":"https:\/\/www.sprachdynamik.at\/impressum\/","url":"https:\/\/www.sprachdynamik.at\/impressum\/","name":"Sprachdynamik | Impressum","isPartOf":{"@id":"https:\/\/www.sprachdynamik.at\/#website"},"datePublished":"2017-03-11T04:11:33+00:00","dateModified":"2025-12-10T14:12:34+00:00","breadcrumb":{"@id":"https:\/\/www.sprachdynamik.at\/impressum\/#breadcrumb"},"inLanguage":"en-GB","potentialAction":[{"@type":"ReadAction","target":["https:\/\/www.sprachdynamik.at\/impressum\/"]}]},{"@type":"BreadcrumbList","@id":"https:\/\/www.sprachdynamik.at\/impressum\/#breadcrumb","itemListElement":[{"@type":"ListItem","position":1,"name":"Startseite","item":"https:\/\/www.sprachdynamik.at\/"},{"@type":"ListItem","position":2,"name":"Impressum"}]},{"@type":"WebSite","@id":"https:\/\/www.sprachdynamik.at\/#website","url":"https:\/\/www.sprachdynamik.at\/","name":"Sprachdynamik","description":"Dynamic solutions for dynamic businesses","publisher":{"@id":"https:\/\/www.sprachdynamik.at\/#organization"},"potentialAction":[{"@type":"SearchAction","target":{"@type":"EntryPoint","urlTemplate":"https:\/\/www.sprachdynamik.at\/?s={search_term_string}"},"query-input":{"@type":"PropertyValueSpecification","valueRequired":true,"valueName":"search_term_string"}}],"inLanguage":"en-GB"},{"@type":"Organization","@id":"https:\/\/www.sprachdynamik.at\/#organization","name":"Sprachdynamik - Thomas Graf","url":"https:\/\/www.sprachdynamik.at\/","logo":{"@type":"ImageObject","inLanguage":"en-GB","@id":"https:\/\/www.sprachdynamik.at\/#\/schema\/logo\/image\/","url":"https:\/\/www.sprachdynamik.at\/wp-content\/uploads\/2017\/04\/Logo4-4c-e1492345677794.png","contentUrl":"https:\/\/www.sprachdynamik.at\/wp-content\/uploads\/2017\/04\/Logo4-4c-e1492345677794.png","width":150,"height":83,"caption":"Sprachdynamik - Thomas Graf"},"image":{"@id":"https:\/\/www.sprachdynamik.at\/#\/schema\/logo\/image\/"},"sameAs":["https:\/\/www.facebook.com\/Sprachdynamik-1484394141570883\/","https:\/\/www.linkedin.com\/in\/thomas-graf-445b9b52\/"]}]}},"_links":{"self":[{"href":"https:\/\/www.sprachdynamik.at\/en\/wp-json\/wp\/v2\/pages\/26","targetHints":{"allow":["GET"]}}],"collection":[{"href":"https:\/\/www.sprachdynamik.at\/en\/wp-json\/wp\/v2\/pages"}],"about":[{"href":"https:\/\/www.sprachdynamik.at\/en\/wp-json\/wp\/v2\/types\/page"}],"author":[{"embeddable":true,"href":"https:\/\/www.sprachdynamik.at\/en\/wp-json\/wp\/v2\/users\/2"}],"replies":[{"embeddable":true,"href":"https:\/\/www.sprachdynamik.at\/en\/wp-json\/wp\/v2\/comments?post=26"}],"version-history":[{"count":48,"href":"https:\/\/www.sprachdynamik.at\/en\/wp-json\/wp\/v2\/pages\/26\/revisions"}],"predecessor-version":[{"id":1530,"href":"https:\/\/www.sprachdynamik.at\/en\/wp-json\/wp\/v2\/pages\/26\/revisions\/1530"}],"wp:attachment":[{"href":"https:\/\/www.sprachdynamik.at\/en\/wp-json\/wp\/v2\/media?parent=26"}],"curies":[{"name":"wp","href":"https:\/\/api.w.org\/{rel}","templated":true}]}}